{"id":269,"date":"2019-06-04T10:19:52","date_gmt":"2019-06-04T08:19:52","guid":{"rendered":"https:\/\/neu.weidemanagement.ch\/home\/"},"modified":"2023-05-30T08:48:03","modified_gmt":"2023-05-30T06:48:03","slug":"home","status":"publish","type":"page","link":"https:\/\/weidemanagement.ch\/fr\/","title":{"rendered":"Home"},"content":{"rendered":"\n<style type=\"text\/css\" data-created_by=\"avia_inline_auto\" id=\"style-css-av-ksg65qpx-c29a2c4c73a73b4a8faf3c5cafcb9e68\">\n.avia-section.av-ksg65qpx-c29a2c4c73a73b4a8faf3c5cafcb9e68{\nposition:relative;\n}\n.avia-section.av-ksg65qpx-c29a2c4c73a73b4a8faf3c5cafcb9e68 .av-parallax .av-parallax-inner{\nbackground-repeat:no-repeat;\nbackground-image:url(https:\/\/weidemanagement.ch\/wp-content\/uploads\/2022\/11\/banner.jpg);\nbackground-position:50% 50%;\nbackground-attachment:scroll;\n}\n.avia-section.av-ksg65qpx-c29a2c4c73a73b4a8faf3c5cafcb9e68 .avia-divider-svg-bottom svg{\nheight:50px;\nfill:#ffffff;\n}\n<\/style>\n<div id='av_section_1'  class='avia-section av-ksg65qpx-c29a2c4c73a73b4a8faf3c5cafcb9e68 main_color avia-section-no-padding avia-no-border-styling  avia-builder-el-0  el_before_av_section  avia-builder-el-first  banner avia-full-stretch av-parallax-section avia-bg-style-parallax av-minimum-height av-minimum-height-custom av-height-custom  container_wrap fullsize'  data-section-bg-repeat='stretch' data-av_minimum_height_px='500'><div class='avia-divider-svg avia-divider-svg-tilt avia-divider-svg-bottom avia-flipped-svg avia-to-front avia-svg-original'><svg xmlns=\"http:\/\/www.w3.org\/2000\/svg\" viewBox=\"0 0 1000 100\" preserveAspectRatio=\"none\">\n\t<path d=\"M0,6V0h1000v100L0,6z\"\/>\n<\/svg><\/div><div class='av-parallax' data-avia-parallax-ratio='0.3' ><div class='av-parallax-inner main_color avia-full-stretch'><\/div><\/div><div class='container av-section-cont-open' style='height:500px'><main  role=\"main\" itemprop=\"mainContentOfPage\"  class='template-page content  av-content-full alpha units'><div class='post-entry post-entry-type-page post-entry-269'><div class='entry-content-wrapper clearfix'>\n<div class='flex_column_table av-la9sk264-89ec1618126e1c5d618b6fbb2c7f3834 sc-av_one_third av-equal-height-column-flextable'><div  class='flex_column av-la9sk264-89ec1618126e1c5d618b6fbb2c7f3834 av_one_third  avia-builder-el-1  el_before_av_two_third  avia-builder-el-first  first first flex_column_table_cell av-equal-height-column av-align-middle av-column-min-height-pc  '  data-av-column-min-height=\"{&quot;column-min-pc&quot;:&quot;100%&quot;,&quot;column-equal-height&quot;:true}\"   ><section  class='av_textblock_section av-la9sku7h-8947dd356b468881218950706d932f5f '   itemscope=\"itemscope\" itemtype=\"https:\/\/schema.org\/CreativeWork\" ><div class='avia_textblock'  itemprop=\"text\" ><p>La plate-forme de dialogue<\/p>\n<\/div><\/section><\/div><div class='av-flex-placeholder'><\/div><div  class='flex_column av-1x1cp-36bf5575e652b1c38324c7165df4ea8a av_two_third  avia-builder-el-3  el_after_av_one_third  avia-builder-el-last  flex_column_table_cell av-equal-height-column av-align-middle  '     ><\/div><\/div><!--close column table wrapper. Autoclose: 1 -->\n\n<\/div><\/div><\/main><!-- close content main element --><\/div><\/div><div id='av_section_2'  class='avia-section av-la9silkz-42403d41844cdfa0c4a1466b960257cd main_color avia-section-default avia-no-border-styling  avia-builder-el-4  el_after_av_section  el_before_av_section  avia-bg-style-scroll container_wrap fullsize'  ><div class='container av-section-cont-open' ><div class='template-page content  av-content-full alpha units'><div class='post-entry post-entry-type-page post-entry-269'><div class='entry-content-wrapper clearfix'>\n\n<style type=\"text\/css\" data-created_by=\"avia_inline_auto\" id=\"style-css-av-1ooqh-c2286962172ba71114e980ea5f3102db\">\n.flex_column.av-1ooqh-c2286962172ba71114e980ea5f3102db{\nborder-radius:0px 0px 0px 0px;\npadding:0px 0px 0px 0px;\n}\n<\/style>\n<div  class='flex_column av-1ooqh-c2286962172ba71114e980ea5f3102db av_one_full  avia-builder-el-5  avia-builder-el-no-sibling  first flex_column_div av-zero-column-padding  '     ><section  class='av_textblock_section av-w5q9-eacc30231f7ac4b8beef59ec5ce52fa1 '   itemscope=\"itemscope\" itemtype=\"https:\/\/schema.org\/CreativeWork\" ><div class='avia_textblock'  itemprop=\"text\" ><h1 style=\"text-align: center;\">La plate-forme de dialogue<\/h1>\n<p>L&rsquo;augmentation croissante des grands pr\u00e9dateurs, en particulier du loup, pose d\u2019importants d\u00e9fis aux r\u00e9gions de montagne. Les d\u00e9bats politiques qui durent depuis des ann\u00e9es, sont devenus progressivement plus clivants. Toutefois, les solutions \u00e0 la probl\u00e9matique des grands pr\u00e9dateurs ne peuvent \u00eatre trouv\u00e9es que par le biais du dialogue. La plate-forme \u00ab\u00a0Gestion des p\u00e2turages et grands pr\u00e9dateurs\u00a0\u00bb vise \u00e0 encourager les \u00e9changes d&rsquo;exp\u00e9riences et la discussion entre les diff\u00e9rents groupes d&rsquo;utilisateurs.<\/p>\n<p>Sur ce site, diff\u00e9rents documents relatifs au th\u00e8me des grands pr\u00e9dateurs sont mis \u00e0 disposition\u00a0:<\/p>\n<ul>\n<li>Publications propres \u00e0 la plate-forme de dialogue.<\/li>\n<li>Pr\u00e9sentations visuelles r\u00e9alis\u00e9es pour les r\u00e9unions de la plate-forme de dialogue.<\/li>\n<li>Publications provenant d&rsquo;autres acteurs, \u00e0 titre d&rsquo;information et de base de discussion.<\/li>\n<\/ul>\n<\/div><\/section><\/div>\n\n<\/div><\/div><\/div><!-- close content main div --><\/div><\/div><div id='av_section_3'  class='avia-section av-laaxa6qm-2cbf8e8777a268131b9b8e91f6e53128 alternate_color avia-section-default avia-shadow  avia-builder-el-7  el_after_av_section  el_before_av_section  avia-bg-style-scroll container_wrap fullsize'  ><div class='container av-section-cont-open' ><div class='template-page content  av-content-full alpha units'><div class='post-entry post-entry-type-page post-entry-269'><div class='entry-content-wrapper clearfix'>\n\n<style type=\"text\/css\" data-created_by=\"avia_inline_auto\" id=\"style-css-av-1hee1-8a6c9fb59a2271ab166111c46adcee18\">\n.flex_column.av-1hee1-8a6c9fb59a2271ab166111c46adcee18{\nborder-radius:0px 0px 0px 0px;\npadding:0px 0px 0px 0px;\n}\n<\/style>\n<div  class='flex_column av-1hee1-8a6c9fb59a2271ab166111c46adcee18 av_one_full  avia-builder-el-8  avia-builder-el-no-sibling  first flex_column_div av-zero-column-padding  '     ><section  class='av_textblock_section av-laax9fei-5afb7765c8785811f1fdbd70b8849c64 '   itemscope=\"itemscope\" itemtype=\"https:\/\/schema.org\/CreativeWork\" ><div class='avia_textblock'  itemprop=\"text\" ><h2 style=\"text-align: center;\">Actualit\u00e9s<\/h2>\n<\/div><\/section><br \/>\n<div  data-slideshow-options=\"{&quot;animation&quot;:&quot;fade&quot;,&quot;autoplay&quot;:false,&quot;loop_autoplay&quot;:&quot;once&quot;,&quot;interval&quot;:5,&quot;loop_manual&quot;:&quot;manual-endless&quot;,&quot;autoplay_stopper&quot;:false,&quot;noNavigation&quot;:false,&quot;show_slide_delay&quot;:90}\" class='avia-content-slider avia-content-grid-active avia-content-slider1 avia-content-slider-odd  avia-builder-el-10  el_after_av_textblock  avia-builder-el-last  av-slideshow-ui av-control-default   av-no-slider-navigation av-slideshow-manual av-loop-once av-loop-manual-endless '  itemscope=\"itemscope\" itemtype=\"https:\/\/schema.org\/Blog\" ><div class=\"avia-content-slider-inner\"><div class=\"slide-entry-wrap\"><article class='slide-entry flex_column  post-entry post-entry-2040 slide-entry-overview slide-loop-1 slide-parity-odd  av_one_third first real-thumbnail posttype-post post-format-standard'  itemscope=\"itemscope\" itemtype=\"https:\/\/schema.org\/CreativeWork\" ><a href='https:\/\/weidemanagement.ch\/fr\/evenement-en-ligne-sur-le-theme-experiences-et-solutions-pour-gerer-les-differentes-utilisations-agriculture-sentiers-de-randonnee-pistes-cyclables\/' data-rel='slide-1' class='slide-image' title='Dialogue entre l&rsquo;agriculture et le tourisme au sujet de la gestion des grands pr\u00e9dateurs'><img decoding=\"async\" fetchpriority=\"high\" width=\"495\" height=\"400\" src=\"https:\/\/weidemanagement.ch\/wp-content\/uploads\/2026\/02\/Herdenschutz-Gde-Dixence-2-495x400.jpeg\" class=\"wp-image-2066 avia-img-lazy-loading-not-2066 attachment-portfolio size-portfolio wp-post-image\" alt=\"\" srcset=\"https:\/\/weidemanagement.ch\/wp-content\/uploads\/2026\/02\/Herdenschutz-Gde-Dixence-2-495x400.jpeg 495w, https:\/\/weidemanagement.ch\/wp-content\/uploads\/2026\/02\/Herdenschutz-Gde-Dixence-2-845x684.jpeg 845w\" sizes=\"(max-width: 495px) 100vw, 495px\" \/><\/a><div class=\"slide-content\"><header class=\"entry-content-header\" aria-label=\"Slide: Dialogue entre l&#039;agriculture et le tourisme au sujet de la gestion des grands pr\u00e9dateurs\"><h3 class='slide-entry-title entry-title '  itemprop=\"headline\" ><a href='https:\/\/weidemanagement.ch\/fr\/evenement-en-ligne-sur-le-theme-experiences-et-solutions-pour-gerer-les-differentes-utilisations-agriculture-sentiers-de-randonnee-pistes-cyclables\/' title='Dialogue entre l&rsquo;agriculture et le tourisme au sujet de la gestion des grands pr\u00e9dateurs'>Dialogue entre l&rsquo;agriculture et le tourisme au sujet de la gestion des grands pr\u00e9dateurs<\/a><\/h3><span class=\"av-vertical-delimiter\"><\/span><\/header><div class=\"slide-meta\"><time class='slide-meta-time updated'  itemprop=\"datePublished\" datetime=\"2026-02-24T08:55:45+01:00\" >24 f\u00e9vrier 2026<\/time><\/div><div class='slide-entry-excerpt entry-content'  itemprop=\"text\" >Le 23 f\u00e9vrier 2026, dans le cadre de la plateforme de dialogue sur la gestion des p\u00e2turages et des grands pr\u00e9dateurs, un \u00e9change en ligne a eu lieu entre des repr\u00e9sentants de l'agriculture, du tourisme, de la mobilit\u00e9 douce et de la pr\u00e9vention. L'accent a \u00e9t\u00e9 mis sur les \u00e9changes d'exp\u00e9riences, ainsi que sur l\u2019\u00e9laboration de solutions, dans le contexte conflictuel de la gestion des p\u00e2turages, des loisirs et du retour des grands pr\u00e9dateurs.<\/div><\/div><footer class=\"entry-footer\"><\/footer><span class='hidden'>\n\t\t\t\t<span class='av-structured-data'  itemprop=\"image\" itemscope=\"itemscope\" itemtype=\"https:\/\/schema.org\/ImageObject\" >\n\t\t\t\t\t\t<span itemprop='url'>https:\/\/weidemanagement.ch\/wp-content\/uploads\/2026\/02\/Herdenschutz-Gde-Dixence-2-scaled.jpeg<\/span>\n\t\t\t\t\t\t<span itemprop='height'>2560<\/span>\n\t\t\t\t\t\t<span itemprop='width'>1920<\/span>\n\t\t\t\t<\/span>\n\t\t\t\t<span class='av-structured-data'  itemprop=\"publisher\" itemtype=\"https:\/\/schema.org\/Organization\" itemscope=\"itemscope\" >\n\t\t\t\t\t\t<span itemprop='name'>&#105;&#x6e;f&#x6f;&#x40;&#119;&#x65;i&#100;&#x65;&#109;&#x61;n&#97;&#x67;e&#x6d;e&#110;&#x74;&#46;&#x63;&#x68;<\/span>\n\t\t\t\t\t\t<span itemprop='logo' itemscope itemtype='https:\/\/schema.org\/ImageObject'>\n\t\t\t\t\t\t\t<span itemprop='url'><\/span>\n\t\t\t\t\t\t<\/span>\n\t\t\t\t<\/span><span class='av-structured-data'  itemprop=\"author\" itemscope=\"itemscope\" itemtype=\"https:\/\/schema.org\/Person\" ><span itemprop='name'>&#x69;&#x6e;&#102;o&#64;&#x77;&#x65;&#105;&#100;e&#x6d;&#x61;&#110;&#97;g&#x65;&#x6d;&#x65;&#110;t&#46;&#x63;&#x68;<\/span><\/span><span class='av-structured-data'  itemprop=\"datePublished\" datetime=\"2019-06-04T10:19:52+02:00\" >2026-02-24 08:55:45<\/span><span class='av-structured-data'  itemprop=\"dateModified\" itemtype=\"https:\/\/schema.org\/dateModified\" >2026-02-25 09:08:43<\/span><span class='av-structured-data'  itemprop=\"mainEntityOfPage\" itemtype=\"https:\/\/schema.org\/mainEntityOfPage\" ><span itemprop='name'>Dialogue entre l&rsquo;agriculture et le tourisme au sujet de la gestion des grands pr\u00e9dateurs<\/span><\/span><\/span><\/article><article class='slide-entry flex_column  post-entry post-entry-1390 slide-entry-overview slide-loop-2 slide-parity-even  av_one_third  real-thumbnail posttype-post post-format-standard'  itemscope=\"itemscope\" itemtype=\"https:\/\/schema.org\/CreativeWork\" ><a href='https:\/\/weidemanagement.ch\/fr\/organisation-dans-les-cantons-pour-la-gestion-des-grands-predateurs\/' data-rel='slide-1' class='slide-image' title='Organisation dans les cantons concernant la gestion des grands pr\u00e9dateurs'><img decoding=\"async\" fetchpriority=\"high\" width=\"495\" height=\"400\" src=\"https:\/\/weidemanagement.ch\/wp-content\/uploads\/2023\/05\/Bericht_Kantone-1-495x400.png\" class=\"wp-image-1250 avia-img-lazy-loading-not-1250 attachment-portfolio size-portfolio wp-post-image\" alt=\"\" srcset=\"https:\/\/weidemanagement.ch\/wp-content\/uploads\/2023\/05\/Bericht_Kantone-1-495x400.png 495w, https:\/\/weidemanagement.ch\/wp-content\/uploads\/2023\/05\/Bericht_Kantone-1-845x684.png 845w\" sizes=\"(max-width: 495px) 100vw, 495px\" \/><\/a><div class=\"slide-content\"><header class=\"entry-content-header\" aria-label=\"Slide: Organisation dans les cantons concernant la gestion des grands pr\u00e9dateurs\"><h3 class='slide-entry-title entry-title '  itemprop=\"headline\" ><a href='https:\/\/weidemanagement.ch\/fr\/organisation-dans-les-cantons-pour-la-gestion-des-grands-predateurs\/' title='Organisation dans les cantons concernant la gestion des grands pr\u00e9dateurs'>Organisation dans les cantons concernant la gestion des grands pr\u00e9dateurs<\/a><\/h3><span class=\"av-vertical-delimiter\"><\/span><\/header><div class=\"slide-meta\"><time class='slide-meta-time updated'  itemprop=\"datePublished\" datetime=\"2023-05-24T11:07:04+02:00\" >24 mai 2023<\/time><\/div><div class='slide-entry-excerpt entry-content'  itemprop=\"text\" >\nLes loups apparaissent dans un nombre croissant de cantons et\u2026<\/div><\/div><footer class=\"entry-footer\"><\/footer><span class='hidden'>\n\t\t\t\t<span class='av-structured-data'  itemprop=\"image\" itemscope=\"itemscope\" itemtype=\"https:\/\/schema.org\/ImageObject\" >\n\t\t\t\t\t\t<span itemprop='url'>https:\/\/weidemanagement.ch\/wp-content\/uploads\/2023\/05\/Bericht_Kantone-1.png<\/span>\n\t\t\t\t\t\t<span itemprop='height'>727<\/span>\n\t\t\t\t\t\t<span itemprop='width'>995<\/span>\n\t\t\t\t<\/span>\n\t\t\t\t<span class='av-structured-data'  itemprop=\"publisher\" itemtype=\"https:\/\/schema.org\/Organization\" itemscope=\"itemscope\" >\n\t\t\t\t\t\t<span itemprop='name'>&#x69;&#x6e;&#102;o&#x40;&#x77;&#101;&#105;d&#x65;&#x6d;&#97;&#110;a&#x67;&#x65;&#109;en&#x74;&#x2e;&#99;h<\/span>\n\t\t\t\t\t\t<span itemprop='logo' itemscope itemtype='https:\/\/schema.org\/ImageObject'>\n\t\t\t\t\t\t\t<span itemprop='url'><\/span>\n\t\t\t\t\t\t<\/span>\n\t\t\t\t<\/span><span class='av-structured-data'  itemprop=\"author\" itemscope=\"itemscope\" itemtype=\"https:\/\/schema.org\/Person\" ><span itemprop='name'>&#x69;n&#x66;&#111;&#x40;&#x77;e&#x69;&#100;&#x65;&#x6d;a&#x6e;&#97;&#x67;&#x65;m&#x65;&#110;&#x74;&#x2e;c&#x68;<\/span><\/span><span class='av-structured-data'  itemprop=\"datePublished\" datetime=\"2019-06-04T10:19:52+02:00\" >2023-05-24 11:07:04<\/span><span class='av-structured-data'  itemprop=\"dateModified\" itemtype=\"https:\/\/schema.org\/dateModified\" >2023-05-31 14:52:23<\/span><span class='av-structured-data'  itemprop=\"mainEntityOfPage\" itemtype=\"https:\/\/schema.org\/mainEntityOfPage\" ><span itemprop='name'>Organisation dans les cantons concernant la gestion des grands pr\u00e9dateurs<\/span><\/span><\/span><\/article><article class='slide-entry flex_column  post-entry post-entry-1394 slide-entry-overview slide-loop-3 slide-parity-odd  post-entry-last  av_one_third  real-thumbnail posttype-post post-format-standard'  itemscope=\"itemscope\" itemtype=\"https:\/\/schema.org\/CreativeWork\" ><a href='https:\/\/weidemanagement.ch\/fr\/nouveau-guide-pratique-cooperation-entre-agriculture-et-tourisme-en-cas-de-presence-de-loups\/' data-rel='slide-1' class='slide-image' title='Nouveau guide pratique : Coop\u00e9ration entre agriculture et tourisme en cas de pr\u00e9sence de loups'><img decoding=\"async\" fetchpriority=\"high\" width=\"495\" height=\"400\" src=\"https:\/\/weidemanagement.ch\/wp-content\/uploads\/2023\/05\/Wanderweg-SAV-495x400.jpg\" class=\"wp-image-665 avia-img-lazy-loading-not-665 attachment-portfolio size-portfolio wp-post-image\" alt=\"\" srcset=\"https:\/\/weidemanagement.ch\/wp-content\/uploads\/2023\/05\/Wanderweg-SAV-495x400.jpg 495w, https:\/\/weidemanagement.ch\/wp-content\/uploads\/2023\/05\/Wanderweg-SAV-845x684.jpg 845w\" sizes=\"(max-width: 495px) 100vw, 495px\" \/><\/a><div class=\"slide-content\"><header class=\"entry-content-header\" aria-label=\"Slide: Nouveau guide pratique : Coop\u00e9ration entre agriculture et tourisme en cas de pr\u00e9sence de loups\"><h3 class='slide-entry-title entry-title '  itemprop=\"headline\" ><a href='https:\/\/weidemanagement.ch\/fr\/nouveau-guide-pratique-cooperation-entre-agriculture-et-tourisme-en-cas-de-presence-de-loups\/' title='Nouveau guide pratique : Coop\u00e9ration entre agriculture et tourisme en cas de pr\u00e9sence de loups'>Nouveau guide pratique : Coop\u00e9ration entre agriculture et tourisme en cas de pr\u00e9sence de loups<\/a><\/h3><span class=\"av-vertical-delimiter\"><\/span><\/header><div class=\"slide-meta\"><time class='slide-meta-time updated'  itemprop=\"datePublished\" datetime=\"2023-05-22T09:42:12+02:00\" >22 mai 2023<\/time><\/div><div class='slide-entry-excerpt entry-content'  itemprop=\"text\" >\nLa prochaine saison de p\u00e2turage et d'alpage va bient\u00f4t commencer.\u2026<\/div><\/div><footer class=\"entry-footer\"><\/footer><span class='hidden'>\n\t\t\t\t<span class='av-structured-data'  itemprop=\"image\" itemscope=\"itemscope\" itemtype=\"https:\/\/schema.org\/ImageObject\" >\n\t\t\t\t\t\t<span itemprop='url'>https:\/\/weidemanagement.ch\/wp-content\/uploads\/2023\/05\/Wanderweg-SAV-scaled.jpg<\/span>\n\t\t\t\t\t\t<span itemprop='height'>1920<\/span>\n\t\t\t\t\t\t<span itemprop='width'>2560<\/span>\n\t\t\t\t<\/span>\n\t\t\t\t<span class='av-structured-data'  itemprop=\"publisher\" itemtype=\"https:\/\/schema.org\/Organization\" itemscope=\"itemscope\" >\n\t\t\t\t\t\t<span itemprop='name'>&#105;&#x6e;&#x66;&#111;&#x40;&#x77;e&#x69;&#x64;e&#109;&#x61;n&#97;&#x67;e&#109;&#x65;n&#116;&#x2e;c&#104;<\/span>\n\t\t\t\t\t\t<span itemprop='logo' itemscope itemtype='https:\/\/schema.org\/ImageObject'>\n\t\t\t\t\t\t\t<span itemprop='url'><\/span>\n\t\t\t\t\t\t<\/span>\n\t\t\t\t<\/span><span class='av-structured-data'  itemprop=\"author\" itemscope=\"itemscope\" itemtype=\"https:\/\/schema.org\/Person\" ><span itemprop='name'>&#105;&#x6e;&#102;&#x6f;&#64;&#x77;e&#x69;d&#101;&#x6d;&#97;&#x6e;&#97;&#x67;e&#x6d;e&#110;&#x74;&#46;&#x63;&#104;<\/span><\/span><span class='av-structured-data'  itemprop=\"datePublished\" datetime=\"2019-06-04T10:19:52+02:00\" >2023-05-22 09:42:12<\/span><span class='av-structured-data'  itemprop=\"dateModified\" itemtype=\"https:\/\/schema.org\/dateModified\" >2023-05-31 14:57:16<\/span><span class='av-structured-data'  itemprop=\"mainEntityOfPage\" itemtype=\"https:\/\/schema.org\/mainEntityOfPage\" ><span itemprop='name'>Nouveau guide pratique : Coop\u00e9ration entre agriculture et tourisme en cas de pr\u00e9sence de loups<\/span><\/span><\/span><\/article><\/div><\/div><\/div><\/p><\/div>\n\n<\/div><\/div><\/div><!-- close content main div --><\/div><\/div><div id='av_section_4'  class='avia-section av-laaxbvh5-578695e73c7852c9382e8ee185db28b7 main_color avia-section-default avia-shadow  avia-builder-el-11  el_after_av_section  avia-builder-el-last  avia-bg-style-scroll container_wrap fullsize'  ><div class='container av-section-cont-open' ><div class='template-page content  av-content-full alpha units'><div class='post-entry post-entry-type-page post-entry-269'><div class='entry-content-wrapper clearfix'>\n\n<style type=\"text\/css\" data-created_by=\"avia_inline_auto\" id=\"style-css-av-nx1p-b2b1665122e28b56cc3c12cab1547f7f\">\n.flex_column.av-nx1p-b2b1665122e28b56cc3c12cab1547f7f{\nborder-radius:0px 0px 0px 0px;\npadding:0px 0px 0px 0px;\n}\n<\/style>\n<div  class='flex_column av-nx1p-b2b1665122e28b56cc3c12cab1547f7f av_one_full  avia-builder-el-12  avia-builder-el-no-sibling  first flex_column_div av-zero-column-padding  '     ><section  class='av_textblock_section av-laaxbagv-acfdb3d3b1624393484827023900be5f '   itemscope=\"itemscope\" itemtype=\"https:\/\/schema.org\/CreativeWork\" ><div class='avia_textblock'  itemprop=\"text\" ><h2 style=\"text-align: center;\">Plate-forme dynamique<\/h2>\n<p style=\"text-align: center;\">Sur ce site, vous trouverez une s\u00e9lection de documents et de liens pertinents au sujet des grands pr\u00e9dateurs. Il est important que la plate-forme puisse \u00e9voluer constamment. C&rsquo;est pourquoi nous vous prions de nous faire parvenir les documents que vous souhaitez y publier et qui correspondent aux objectifs de la plate-forme de dialogue \u00e0 l&rsquo;adresse suivante :<\/p>\n<p style=\"text-align: center;\">\n<p style=\"text-align: center;\"><a href=\"mailto:info&#64;&#115;&#97;&#98;&#46;&#99;&#104;\">&#105;&#x6e;&#102;&#x6f;&#64;&#x73;&#97;&#x62;&#46;&#x63;&#104;<\/a><\/p>\n<p style=\"text-align: center;\">\n<p style=\"text-align: center;\">Merci beaucoup !<\/p>\n<p style=\"text-align: center;\">&#8230;<\/p>\n<\/div><\/section><\/div>\n","protected":false},"excerpt":{"rendered":"","protected":false},"author":3,"featured_media":0,"parent":0,"menu_order":0,"comment_status":"closed","ping_status":"closed","template":"","meta":{"footnotes":""},"class_list":["post-269","page","type-page","status-publish","hentry"],"yoast_head":"<!-- This site is optimized with the Yoast SEO plugin v27.5 - https:\/\/yoast.com\/product\/yoast-seo-wordpress\/ -->\n<title>Home - weidemanagement.ch<\/title>\n<meta name=\"robots\" content=\"index, follow, max-snippet:-1, max-image-preview:large, max-video-preview:-1\" \/>\n<link rel=\"canonical\" href=\"https:\/\/weidemanagement.ch\/fr\/\" \/>\n<meta property=\"og:locale\" content=\"fr_FR\" \/>\n<meta property=\"og:type\" content=\"article\" \/>\n<meta property=\"og:title\" content=\"Home - weidemanagement.ch\" \/>\n<meta property=\"og:url\" content=\"https:\/\/weidemanagement.ch\/fr\/\" \/>\n<meta property=\"og:site_name\" content=\"weidemanagement.ch\" \/>\n<meta property=\"article:modified_time\" content=\"2023-05-30T06:48:03+00:00\" \/>\n<meta name=\"twitter:card\" content=\"summary_large_image\" \/>\n<meta name=\"twitter:label1\" content=\"Dur\u00e9e de lecture estim\u00e9e\" \/>\n\t<meta name=\"twitter:data1\" content=\"6 minutes\" \/>\n<script type=\"application\/ld+json\" class=\"yoast-schema-graph\">{\"@context\":\"https:\\\/\\\/schema.org\",\"@graph\":[{\"@type\":\"WebPage\",\"@id\":\"https:\\\/\\\/weidemanagement.ch\\\/fr\\\/\",\"url\":\"https:\\\/\\\/weidemanagement.ch\\\/fr\\\/\",\"name\":\"Home - weidemanagement.ch\",\"isPartOf\":{\"@id\":\"https:\\\/\\\/weidemanagement.ch\\\/fr\\\/#website\"},\"datePublished\":\"2019-06-04T08:19:52+00:00\",\"dateModified\":\"2023-05-30T06:48:03+00:00\",\"breadcrumb\":{\"@id\":\"https:\\\/\\\/weidemanagement.ch\\\/fr\\\/#breadcrumb\"},\"inLanguage\":\"fr-FR\",\"potentialAction\":[{\"@type\":\"ReadAction\",\"target\":[\"https:\\\/\\\/weidemanagement.ch\\\/fr\\\/\"]}]},{\"@type\":\"BreadcrumbList\",\"@id\":\"https:\\\/\\\/weidemanagement.ch\\\/fr\\\/#breadcrumb\",\"itemListElement\":[{\"@type\":\"ListItem\",\"position\":1,\"name\":\"Startseite\",\"item\":\"https:\\\/\\\/weidemanagement.ch\\\/fr\\\/home\\\/\"},{\"@type\":\"ListItem\",\"position\":2,\"name\":\"Home\"}]},{\"@type\":\"WebSite\",\"@id\":\"https:\\\/\\\/weidemanagement.ch\\\/fr\\\/#website\",\"url\":\"https:\\\/\\\/weidemanagement.ch\\\/fr\\\/\",\"name\":\"weidemanagement.ch\",\"description\":\"\",\"potentialAction\":[{\"@type\":\"SearchAction\",\"target\":{\"@type\":\"EntryPoint\",\"urlTemplate\":\"https:\\\/\\\/weidemanagement.ch\\\/fr\\\/?s={search_term_string}\"},\"query-input\":{\"@type\":\"PropertyValueSpecification\",\"valueRequired\":true,\"valueName\":\"search_term_string\"}}],\"inLanguage\":\"fr-FR\"}]}<\/script>\n<!-- \/ Yoast SEO plugin. -->","yoast_head_json":{"title":"Home - weidemanagement.ch","robots":{"index":"index","follow":"follow","max-snippet":"max-snippet:-1","max-image-preview":"max-image-preview:large","max-video-preview":"max-video-preview:-1"},"canonical":"https:\/\/weidemanagement.ch\/fr\/","og_locale":"fr_FR","og_type":"article","og_title":"Home - weidemanagement.ch","og_url":"https:\/\/weidemanagement.ch\/fr\/","og_site_name":"weidemanagement.ch","article_modified_time":"2023-05-30T06:48:03+00:00","twitter_card":"summary_large_image","twitter_misc":{"Dur\u00e9e de lecture estim\u00e9e":"6 minutes"},"schema":{"@context":"https:\/\/schema.org","@graph":[{"@type":"WebPage","@id":"https:\/\/weidemanagement.ch\/fr\/","url":"https:\/\/weidemanagement.ch\/fr\/","name":"Home - weidemanagement.ch","isPartOf":{"@id":"https:\/\/weidemanagement.ch\/fr\/#website"},"datePublished":"2019-06-04T08:19:52+00:00","dateModified":"2023-05-30T06:48:03+00:00","breadcrumb":{"@id":"https:\/\/weidemanagement.ch\/fr\/#breadcrumb"},"inLanguage":"fr-FR","potentialAction":[{"@type":"ReadAction","target":["https:\/\/weidemanagement.ch\/fr\/"]}]},{"@type":"BreadcrumbList","@id":"https:\/\/weidemanagement.ch\/fr\/#breadcrumb","itemListElement":[{"@type":"ListItem","position":1,"name":"Startseite","item":"https:\/\/weidemanagement.ch\/fr\/home\/"},{"@type":"ListItem","position":2,"name":"Home"}]},{"@type":"WebSite","@id":"https:\/\/weidemanagement.ch\/fr\/#website","url":"https:\/\/weidemanagement.ch\/fr\/","name":"weidemanagement.ch","description":"","potentialAction":[{"@type":"SearchAction","target":{"@type":"EntryPoint","urlTemplate":"https:\/\/weidemanagement.ch\/fr\/?s={search_term_string}"},"query-input":{"@type":"PropertyValueSpecification","valueRequired":true,"valueName":"search_term_string"}}],"inLanguage":"fr-FR"}]}},"_links":{"self":[{"href":"https:\/\/weidemanagement.ch\/fr\/wp-json\/wp\/v2\/pages\/269","targetHints":{"allow":["GET"]}}],"collection":[{"href":"https:\/\/weidemanagement.ch\/fr\/wp-json\/wp\/v2\/pages"}],"about":[{"href":"https:\/\/weidemanagement.ch\/fr\/wp-json\/wp\/v2\/types\/page"}],"author":[{"embeddable":true,"href":"https:\/\/weidemanagement.ch\/fr\/wp-json\/wp\/v2\/users\/3"}],"replies":[{"embeddable":true,"href":"https:\/\/weidemanagement.ch\/fr\/wp-json\/wp\/v2\/comments?post=269"}],"version-history":[{"count":16,"href":"https:\/\/weidemanagement.ch\/fr\/wp-json\/wp\/v2\/pages\/269\/revisions"}],"predecessor-version":[{"id":1339,"href":"https:\/\/weidemanagement.ch\/fr\/wp-json\/wp\/v2\/pages\/269\/revisions\/1339"}],"wp:attachment":[{"href":"https:\/\/weidemanagement.ch\/fr\/wp-json\/wp\/v2\/media?parent=269"}],"curies":[{"name":"wp","href":"https:\/\/api.w.org\/{rel}","templated":true}]}}